{"id":6553,"date":"2021-07-20T07:04:19","date_gmt":"2021-07-20T07:04:19","guid":{"rendered":"http:\/\/www.michalvesely.cz.uvirt111.active24.cz\/?page_id=6553"},"modified":"2021-08-16T19:44:50","modified_gmt":"2021-08-16T19:44:50","slug":"skolni-knihovna","status":"publish","type":"page","link":"https:\/\/www.zsmasaryk.cz\/index.php\/skolni-knihovna\/","title":{"rendered":"\u0160koln\u00ed knihovna"},"content":{"rendered":"\t\t<div data-elementor-type=\"wp-page\" data-elementor-id=\"6553\" class=\"elementor elementor-6553\">\n\t\t\t\t\t\t<section class=\"elementor-section elementor-top-section elementor-element elementor-element-cba7fc7 elementor-section-boxed elementor-section-height-default elementor-section-height-default elementor-invisible\" data-id=\"cba7fc7\" data-element_type=\"section\" data-e-type=\"section\" data-settings=\"{&quot;animation&quot;:&quot;fadeInUp&quot;}\">\n\t\t\t\t\t\t<div class=\"elementor-container elementor-column-gap-default\">\n\t\t\t\t\t<div class=\"elementor-column elementor-col-100 elementor-top-column elementor-element elementor-element-86782bc\" data-id=\"86782bc\" data-element_type=\"column\" data-e-type=\"column\">\n\t\t\t<div class=\"elementor-widget-wrap elementor-element-populated\">\n\t\t\t\t\t\t<div class=\"elementor-element elementor-element-7b1aea6 elementor-widget elementor-widget-cws_heading\" data-id=\"7b1aea6\" data-element_type=\"widget\" data-e-type=\"widget\" data-widget_type=\"cws_heading.default\">\n\t\t\t\t<div class=\"elementor-widget-container\">\n\t\t\t\t\t<h3 class=\"ce_title heading\"><div>Nejlep\u0161\u00ed \u0161koln\u00ed knihovnu na Ostravsku najdete ve Vratimov\u011b<\/div><\/h3>\t\t\t\t<\/div>\n\t\t\t\t<\/div>\n\t\t\t\t\t<\/div>\n\t\t<\/div>\n\t\t\t\t\t<\/div>\n\t\t<\/section>\n\t\t\t\t<section class=\"elementor-section elementor-top-section elementor-element elementor-element-92f7402 elementor-section-boxed elementor-section-height-default elementor-section-height-default\" data-id=\"92f7402\" data-element_type=\"section\" data-e-type=\"section\">\n\t\t\t\t\t\t<div class=\"elementor-container elementor-column-gap-default\">\n\t\t\t\t\t<div class=\"elementor-column elementor-col-66 elementor-top-column elementor-element elementor-element-09d0431\" data-id=\"09d0431\" data-element_type=\"column\" data-e-type=\"column\">\n\t\t\t<div class=\"elementor-widget-wrap elementor-element-populated\">\n\t\t\t\t\t\t<div class=\"elementor-element elementor-element-0915bb1 elementor-widget elementor-widget-cws_message_box\" data-id=\"0915bb1\" data-element_type=\"widget\" data-e-type=\"widget\" data-widget_type=\"cws_message_box.default\">\n\t\t\t\t<div class=\"elementor-widget-container\">\n\t\t\t\t\t<div class=\"cws_msg_box success-box clearfix\"><div class=\"icon_section\"><i class=\"fa fa-thumbs-up\"><\/i><\/div><div class=\"content_section\"><div class=\"msg_box_title\">Srde\u010dn\u011b V\u00e1s zveme do na\u0161\u00ed \u0161koln\u00ed knihovny. <\/div><div class=\"msg_box_text\">\nCo v\u0161echno v na\u0161\u00ed \u0161koln\u00ed knihovn\u011b najdete? Encyklopedie, slovn\u00edky, nau\u010dnou literaturu, atlasy, zp\u011bvn\u00edky, b\u00e1sni\u010dky, kr\u00e1snou literaturu, dobrodru\u017enou literaturu, d\u00edv\u010d\u00ed rom\u00e1ny, poh\u00e1dky, komiksy i \u010dasopis Vilda.\n\n\n<\/div><\/div><\/div>\t\t\t\t<\/div>\n\t\t\t\t<\/div>\n\t\t\t\t\t<\/div>\n\t\t<\/div>\n\t\t\t\t<div class=\"elementor-column elementor-col-33 elementor-top-column elementor-element elementor-element-76f751d\" data-id=\"76f751d\" data-element_type=\"column\" data-e-type=\"column\">\n\t\t\t<div class=\"elementor-widget-wrap elementor-element-populated\">\n\t\t\t\t\t\t<div class=\"elementor-element elementor-element-cf377f6 elementor-widget elementor-widget-cws_message_box\" data-id=\"cf377f6\" data-element_type=\"widget\" data-e-type=\"widget\" data-widget_type=\"cws_message_box.default\">\n\t\t\t\t<div class=\"elementor-widget-container\">\n\t\t\t\t\t<div class=\"cws_msg_box success-box clearfix\"><div class=\"icon_section\"><i class=\"fa fa-thumbs-up\"><\/i><\/div><div class=\"content_section\"><div class=\"msg_box_title\">P\u016fj\u010dovn\u00ed doba: <\/div><div class=\"msg_box_text\">POND\u011aL\u00cd, ST\u0158EDA, P\u00c1TEK:  \n9:35 \u2013 9:55\n\u0160k. knihovnice: Mgr. Pavl\u00edna Ko\u017eu\u0161n\u00edkov\u00e1<\/div><\/div><\/div>\t\t\t\t<\/div>\n\t\t\t\t<\/div>\n\t\t\t\t\t<\/div>\n\t\t<\/div>\n\t\t\t\t\t<\/div>\n\t\t<\/section>\n\t\t\t\t<section class=\"elementor-section elementor-top-section elementor-element elementor-element-a220d4c elementor-section-boxed elementor-section-height-default elementor-section-height-default\" data-id=\"a220d4c\" data-element_type=\"section\" data-e-type=\"section\">\n\t\t\t\t\t\t<div class=\"elementor-container elementor-column-gap-default\">\n\t\t\t\t\t<div class=\"elementor-column elementor-col-100 elementor-top-column elementor-element elementor-element-3862985\" data-id=\"3862985\" data-element_type=\"column\" data-e-type=\"column\">\n\t\t\t<div class=\"elementor-widget-wrap elementor-element-populated\">\n\t\t\t\t\t\t<div class=\"elementor-element elementor-element-70957d8 elementor-invisible elementor-widget elementor-widget-text-editor\" data-id=\"70957d8\" data-element_type=\"widget\" data-e-type=\"widget\" data-settings=\"{&quot;_animation&quot;:&quot;fadeInUp&quot;}\" data-widget_type=\"text-editor.default\">\n\t\t\t\t\t\t\t\t\t<p><a href=\"http:\/\/www.michalvesely.cz.uvirt111.active24.cz\/wp-content\/uploads\/2021\/07\/Diplom-knihovna-1-768x540-1.jpeg\"><img fetchpriority=\"high\" decoding=\"async\" class=\"alignleft wp-image-6559 size-medium\" src=\"http:\/\/www.michalvesely.cz.uvirt111.active24.cz\/wp-content\/uploads\/2021\/07\/Diplom-knihovna-1-768x540-1-300x300.jpeg\" alt=\"\" width=\"300\" height=\"300\" srcset=\"https:\/\/www.zsmasaryk.cz\/wp-content\/uploads\/2021\/07\/Diplom-knihovna-1-768x540-1-300x300.jpeg 300w, https:\/\/www.zsmasaryk.cz\/wp-content\/uploads\/2021\/07\/Diplom-knihovna-1-768x540-1-1024x1024.jpeg 1024w, https:\/\/www.zsmasaryk.cz\/wp-content\/uploads\/2021\/07\/Diplom-knihovna-1-768x540-1-150x150.jpeg 150w, https:\/\/www.zsmasaryk.cz\/wp-content\/uploads\/2021\/07\/Diplom-knihovna-1-768x540-1-1536x1536.jpeg 1536w, https:\/\/www.zsmasaryk.cz\/wp-content\/uploads\/2021\/07\/Diplom-knihovna-1-768x540-1-2048x2048.jpeg 2048w\" sizes=\"(max-width: 300px) 100vw, 300px\" \/><\/a>Ji\u017e tradi\u010dn\u011b se v \u0159\u00edjnu, v M\u011bs\u00edci \u0161koln\u00edch knihoven, po\u0159\u00e1daj\u00ed nejr\u016fzn\u011bj\u0161\u00ed akce ve \u0161koln\u00edch knihovn\u00e1ch. V Z\u00e1klan\u00ed \u0161kole na Masarykov\u011b n\u00e1m\u011bst\u00ed byla v leto\u0161n\u00edm \u0159\u00edjnu nejen roz\u0161\u00ed\u0159ena p\u016fj\u010dovn\u00ed doba pro \u017e\u00e1ky na ka\u017ed\u00fd \u0161koln\u00ed den, ale prob\u011bhlo i tzv. Kn\u00ed\u017ekobran\u00ed. V r\u00e1mci t\u00e9to akce m\u011bly d\u011bti mo\u017enost v\u011bnovat \u0161koln\u00ed knihovn\u011b sv\u00e9 ji\u017e odlo\u017een\u00e9 knihy, kter\u00e9 jsou v zachoval\u00e9m stavu, a mohou si je tak je\u0161t\u011b p\u0159e\u010d\u00edst i dal\u0161\u00ed d\u011bti.<\/p><p>V leto\u0161n\u00edm \u0161koln\u00edm roce se k p\u0159ipomenut\u00ed M\u011bs\u00edce \u0161koln\u00edch knihoven rozhodl p\u0159ipojit i Odbor \u0161kolstv\u00ed a sportu Magistr\u00e1tu m\u011bsta Ostravy a vyhl\u00e1sil ve spolupr\u00e1ci se Z\u00e1kladn\u00ed \u0161kolou Ostrava \u2013 Hrab\u016fbka, Provaznick\u00e1 64, pro n\u011b sout\u011b\u017e pod n\u00e1zvem \u201eO nejlep\u0161\u00ed \u0161koln\u00ed knihovnu\u201c. \u017d\u00e1ci m\u011bli za \u00fakol pod veden\u00edm sv\u00e9 \u0161koln\u00ed knihovnice kreativn\u011b p\u0159edstavit svou \u0161koln\u00ed knihovnu.<\/p><p>Dne 10. ledna 2020 do\u0161lo v s\u00e1le Knihovny m\u011bsta Ostravy k prezentaci jednotliv\u00fdch prac\u00ed a k slavnostn\u00edmu vyhl\u00e1\u0161en\u00ed v\u00fdsledk\u016f. Knihovnu Z\u0160 Vratimov, Masarykovo n\u00e1m\u011bst\u00ed, ostatn\u00edm sout\u011b\u017e\u00edc\u00edm i porot\u011b p\u0159edstavily \u017e\u00e1kyn\u011b 9. B \u2013 Denisa Kadurov\u00e1, Eva Pieronkiewiczov\u00e1, Tereza Sedl\u00e1\u010dkov\u00e1 a Antonie Zipserov\u00e1 pod veden\u00edm pan\u00ed u\u010ditelky Pavl\u00edny Ko\u017eu\u0161n\u00edkov\u00e9, kter\u00e1 je veden\u00edm \u0161koln\u00ed knihovny na t\u00e9to \u0161kole pov\u011b\u0159ena.<\/p><p style=\"text-align: left;\"><a href=\"http:\/\/www.michalvesely.cz.uvirt111.active24.cz\/wp-content\/uploads\/2021\/07\/IMG_9929-768x512-1.jpg\"><img decoding=\"async\" class=\"alignright wp-image-6564 size-medium\" src=\"http:\/\/www.michalvesely.cz.uvirt111.active24.cz\/wp-content\/uploads\/2021\/07\/IMG_9929-768x512-1-300x300.jpg\" alt=\"\" width=\"300\" height=\"300\" srcset=\"https:\/\/www.zsmasaryk.cz\/wp-content\/uploads\/2021\/07\/IMG_9929-768x512-1-300x300.jpg 300w, https:\/\/www.zsmasaryk.cz\/wp-content\/uploads\/2021\/07\/IMG_9929-768x512-1-1024x1024.jpg 1024w, https:\/\/www.zsmasaryk.cz\/wp-content\/uploads\/2021\/07\/IMG_9929-768x512-1-150x150.jpg 150w, https:\/\/www.zsmasaryk.cz\/wp-content\/uploads\/2021\/07\/IMG_9929-768x512-1-1536x1536.jpg 1536w, https:\/\/www.zsmasaryk.cz\/wp-content\/uploads\/2021\/07\/IMG_9929-768x512-1-2048x2048.jpg 2048w\" sizes=\"(max-width: 300px) 100vw, 300px\" \/><\/a>Z jejich vystoupen\u00ed se p\u0159\u00edtomn\u00ed dozv\u011bd\u011bli, \u017ee na\u0161e \u0161koln\u00ed knihovna m\u00e1 k dispozici celkem 2 men\u0161\u00ed m\u00edstnosti, kter\u00e9 jsou vybaven\u00e9 modern\u00edm n\u00e1bytkem a po\u010d\u00edta\u010dem s knihovn\u00edm syst\u00e9mem Lanius. Zhruba 4 200 knih, \u010dasopis\u016f a CD si \u017e\u00e1ci i u\u010ditel\u00e9 mohou p\u016fj\u010dit v pond\u011bl\u00ed, ve st\u0159edu a v p\u00e1tek v dob\u011b velk\u00e9 p\u0159est\u00e1vky. Nejv\u00edce v\u0161ak d\u011bv\u010data porotu zaujala akcemi, kter\u00e9 \u0161koln\u00ed knihovna po\u0159\u00e1d\u00e1 na podporu \u010dten\u00e1\u0159sk\u00e9 gramotnosti \u017e\u00e1k\u016f. Mezi celo\u0161koln\u00ed projekty pat\u0159\u00ed Z\u00e1lo\u017eka do knih spojuje \u0161koly a P\u0159ehl\u00eddka sc\u00e9nick\u00e9ho \u010dten\u00ed. K nejpopul\u00e1rn\u011bj\u0161\u00edm aktivit\u00e1m pat\u0159\u00ed Noc s Andersenem, Food Day a fungov\u00e1n\u00ed \u010dten\u00e1\u0159sk\u00e9ho klubu. S vyu\u017eit\u00edm knihovn\u00edho fondu se \u017e\u00e1ci z\u00fa\u010dast\u0148uj\u00ed nejr\u016fzn\u011bj\u0161\u00edch liter\u00e1rn\u00edchi historick\u00fdch sout\u011b\u017e\u00ed, nap\u0159. Lidice 21, \u010certovsk\u00e9 poh\u00e1dky, Rosteme spolu, K\u0159\u00ed\u017eem kr\u00e1\u017eem Slezskou branou a jin\u00e9. Ve \u0161koln\u00ed knihovn\u011b si lze tak\u00e9 objednat knihy z katalog\u016f Klubu mlad\u00fdch \u010dten\u00e1\u0159\u016f jednotliv\u00fdch nakladatelstv\u00ed. Na mnoha projektech \u0161koln\u00ed knihovna spolupracuje s M\u011bststkou knihovnou ve Vratimov\u011b.<\/p><p style=\"text-align: left;\">Cel\u00e9 dopoledne m\u011blo pro na\u0161i \u0161kolu \u0161\u0165astn\u00fd konec, proto\u017ee byla vyhl\u00e1\u0161ena jako jedna ze dvou nejlep\u0161\u00edch \u0161koln\u00edch knihoven na Ostravsku a obsadila tak 1. m\u00edsto. Krom\u011b v\u011bcn\u00fd d\u00e1rk\u016f, knih a sladkost\u00ed knihovna obdr\u017eela i poukaz na zakoupen\u00ed nov\u00fdch knih.<\/p>\t\t\t\t\t\t\t\t<\/div>\n\t\t\t\t\t<\/div>\n\t\t<\/div>\n\t\t\t\t\t<\/div>\n\t\t<\/section>\n\t\t\t\t<section class=\"elementor-section elementor-top-section elementor-element elementor-element-932d944 elementor-section-boxed elementor-section-height-default elementor-section-height-default\" data-id=\"932d944\" data-element_type=\"section\" data-e-type=\"section\">\n\t\t\t\t\t\t<div class=\"elementor-container elementor-column-gap-default\">\n\t\t\t\t\t<div class=\"elementor-column elementor-col-100 elementor-top-column elementor-element elementor-element-5da827c\" data-id=\"5da827c\" data-element_type=\"column\" data-e-type=\"column\">\n\t\t\t<div class=\"elementor-widget-wrap elementor-element-populated\">\n\t\t\t\t\t\t<div class=\"elementor-element elementor-element-6229415 elementor-invisible elementor-widget elementor-widget-image-gallery\" data-id=\"6229415\" data-element_type=\"widget\" data-e-type=\"widget\" data-settings=\"{&quot;_animation&quot;:&quot;fadeInUp&quot;}\" data-widget_type=\"image-gallery.default\">\n\t\t\t\t\t\t\t<div class=\"elementor-image-gallery\">\n\t\t\t\n\t\t<style type=\"text\/css\">\n\t\t\t#gallery-1 {\n\t\t\t\tmargin: auto;\n\t\t\t}\n\t\t\t#gallery-1 .gallery-item {\n\t\t\t\tfloat: left;\n\t\t\t\tmargin-top: 10px;\n\t\t\t\ttext-align: center;\n\t\t\t\twidth: 25%;\n\t\t\t}\n\t\t\t#gallery-1 img {\n\t\t\t\tborder: 2px solid #cfcfcf;\n\t\t\t}\n\t\t\t#gallery-1 .gallery-caption {\n\t\t\t\tmargin-left: 0;\n\t\t\t}\n\t\t\t\/* see gallery_shortcode() in wp-includes\/media.php *\/\n\t\t<\/style>\n\t\t<div id='gallery-1' class='gallery galleryid-6553 gallery-columns-4 gallery-size-thumbnail'><dl class='gallery-item'>\n\t\t\t<dt class='gallery-icon landscape'>\n\t\t\t\t<a  href='https:\/\/www.zsmasaryk.cz\/wp-content\/uploads\/2021\/07\/IMG_9929-scaled.jpg'><img decoding=\"async\" width=\"150\" height=\"150\" src=\"https:\/\/www.zsmasaryk.cz\/wp-content\/uploads\/2021\/07\/IMG_9929-150x150.jpg\" class=\"attachment-thumbnail size-thumbnail\" alt=\"\" aria-describedby=\"gallery-1-6574\" srcset=\"https:\/\/www.zsmasaryk.cz\/wp-content\/uploads\/2021\/07\/IMG_9929-150x150.jpg 150w, https:\/\/www.zsmasaryk.cz\/wp-content\/uploads\/2021\/07\/IMG_9929-300x300.jpg 300w, https:\/\/www.zsmasaryk.cz\/wp-content\/uploads\/2021\/07\/IMG_9929-1024x1024.jpg 1024w, https:\/\/www.zsmasaryk.cz\/wp-content\/uploads\/2021\/07\/IMG_9929-1536x1536.jpg 1536w, https:\/\/www.zsmasaryk.cz\/wp-content\/uploads\/2021\/07\/IMG_9929-2048x2048.jpg 2048w\" sizes=\"(max-width: 150px) 100vw, 150px\" \/><\/a>\n\t\t\t<\/dt>\n\t\t\t\t<dd class='wp-caption-text gallery-caption' id='gallery-1-6574'>\n\t\t\t\t\u0160koln\u00ed knihovna\n\t\t\t\t<\/dd><\/dl><dl class='gallery-item'>\n\t\t\t<dt class='gallery-icon landscape'>\n\t\t\t\t<a  href='https:\/\/www.zsmasaryk.cz\/wp-content\/uploads\/2021\/07\/P1016029-scaled.jpg'><img loading=\"lazy\" decoding=\"async\" width=\"150\" height=\"150\" src=\"https:\/\/www.zsmasaryk.cz\/wp-content\/uploads\/2021\/07\/P1016029-150x150.jpg\" class=\"attachment-thumbnail size-thumbnail\" alt=\"\" aria-describedby=\"gallery-1-6576\" srcset=\"https:\/\/www.zsmasaryk.cz\/wp-content\/uploads\/2021\/07\/P1016029-150x150.jpg 150w, https:\/\/www.zsmasaryk.cz\/wp-content\/uploads\/2021\/07\/P1016029-300x300.jpg 300w, https:\/\/www.zsmasaryk.cz\/wp-content\/uploads\/2021\/07\/P1016029-1024x1024.jpg 1024w, https:\/\/www.zsmasaryk.cz\/wp-content\/uploads\/2021\/07\/P1016029-1536x1536.jpg 1536w, https:\/\/www.zsmasaryk.cz\/wp-content\/uploads\/2021\/07\/P1016029-2048x2048.jpg 2048w\" sizes=\"(max-width: 150px) 100vw, 150px\" \/><\/a>\n\t\t\t<\/dt>\n\t\t\t\t<dd class='wp-caption-text gallery-caption' id='gallery-1-6576'>\n\t\t\t\t\u0160koln\u00ed knihovna\n\t\t\t\t<\/dd><\/dl><dl class='gallery-item'>\n\t\t\t<dt class='gallery-icon landscape'>\n\t\t\t\t<a  href='https:\/\/www.zsmasaryk.cz\/wp-content\/uploads\/2021\/07\/P1016032-scaled.jpg'><img loading=\"lazy\" decoding=\"async\" width=\"150\" height=\"150\" src=\"https:\/\/www.zsmasaryk.cz\/wp-content\/uploads\/2021\/07\/P1016032-150x150.jpg\" class=\"attachment-thumbnail size-thumbnail\" alt=\"\" aria-describedby=\"gallery-1-6577\" srcset=\"https:\/\/www.zsmasaryk.cz\/wp-content\/uploads\/2021\/07\/P1016032-150x150.jpg 150w, https:\/\/www.zsmasaryk.cz\/wp-content\/uploads\/2021\/07\/P1016032-300x300.jpg 300w, https:\/\/www.zsmasaryk.cz\/wp-content\/uploads\/2021\/07\/P1016032-1024x1024.jpg 1024w, https:\/\/www.zsmasaryk.cz\/wp-content\/uploads\/2021\/07\/P1016032-1536x1536.jpg 1536w, https:\/\/www.zsmasaryk.cz\/wp-content\/uploads\/2021\/07\/P1016032-2048x2048.jpg 2048w\" sizes=\"(max-width: 150px) 100vw, 150px\" \/><\/a>\n\t\t\t<\/dt>\n\t\t\t\t<dd class='wp-caption-text gallery-caption' id='gallery-1-6577'>\n\t\t\t\t\u0160koln\u00ed knihovna\n\t\t\t\t<\/dd><\/dl><dl class='gallery-item'>\n\t\t\t<dt class='gallery-icon landscape'>\n\t\t\t\t<a  href='https:\/\/www.zsmasaryk.cz\/wp-content\/uploads\/2021\/07\/P1016025-scaled.jpg'><img loading=\"lazy\" decoding=\"async\" width=\"150\" height=\"150\" src=\"https:\/\/www.zsmasaryk.cz\/wp-content\/uploads\/2021\/07\/P1016025-150x150.jpg\" class=\"attachment-thumbnail size-thumbnail\" alt=\"\" aria-describedby=\"gallery-1-6575\" srcset=\"https:\/\/www.zsmasaryk.cz\/wp-content\/uploads\/2021\/07\/P1016025-150x150.jpg 150w, https:\/\/www.zsmasaryk.cz\/wp-content\/uploads\/2021\/07\/P1016025-300x300.jpg 300w, https:\/\/www.zsmasaryk.cz\/wp-content\/uploads\/2021\/07\/P1016025-1024x1024.jpg 1024w, https:\/\/www.zsmasaryk.cz\/wp-content\/uploads\/2021\/07\/P1016025-1536x1536.jpg 1536w, https:\/\/www.zsmasaryk.cz\/wp-content\/uploads\/2021\/07\/P1016025-2048x2048.jpg 2048w\" sizes=\"(max-width: 150px) 100vw, 150px\" \/><\/a>\n\t\t\t<\/dt>\n\t\t\t\t<dd class='wp-caption-text gallery-caption' id='gallery-1-6575'>\n\t\t\t\t\u0160koln\u00ed knihovna\n\t\t\t\t<\/dd><\/dl><br style=\"clear: both\" \/>\n\t\t<\/div>\n\t\t<\/div>\n\t\t\t\t\t\t<\/div>\n\t\t\t\t\t<\/div>\n\t\t<\/div>\n\t\t\t\t\t<\/div>\n\t\t<\/section>\n\t\t\t\t<\/div>\n\t\t","protected":false},"excerpt":{"rendered":"<p>Ji\u017e tradi\u010dn\u011b se v \u0159\u00edjnu, v M\u011bs\u00edci \u0161koln\u00edch knihoven, po\u0159\u00e1daj\u00ed nejr\u016fzn\u011bj\u0161\u00ed akce ve \u0161koln\u00edch knihovn\u00e1ch. V Z\u00e1klan\u00ed \u0161kole na Masarykov\u011b n\u00e1m\u011bst\u00ed byla v leto\u0161n\u00edm \u0159\u00edjnu nejen roz\u0161\u00ed\u0159ena p\u016fj\u010dovn\u00ed doba pro \u017e\u00e1ky na ka\u017ed\u00fd \u0161koln\u00ed den, ale prob\u011bhlo i tzv. Kn\u00ed\u017ekobran\u00ed. V r\u00e1mci t\u00e9to akce m\u011bly d\u011bti mo\u017enost v\u011bnovat \u0161koln\u00ed knihovn\u011b sv\u00e9 ji\u017e odlo\u017een\u00e9 knihy, kter\u00e9 jsou v zachoval\u00e9m stavu, a mohou si je tak je\u0161t\u011b p\u0159e\u010d\u00edst i dal\u0161\u00ed d\u011bti. V leto\u0161n\u00edm \u0161koln\u00edm roce se k p\u0159ipomenut\u00ed M\u011bs\u00edce \u0161koln\u00edch knihoven rozhodl p\u0159ipojit i Odbor \u0161kolstv\u00ed a sportu Magistr\u00e1tu m\u011bsta Ostravy a vyhl\u00e1sil ve spolupr\u00e1ci se Z\u00e1kladn\u00ed \u0161kolou Ostrava \u2013 Hrab\u016fbka, Provaznick\u00e1 64, pro n\u011b sout\u011b\u017e pod n\u00e1zvem \u201eO nejlep\u0161\u00ed \u0161koln\u00ed knihovnu\u201c. \u017d\u00e1ci m\u011bli za \u00fakol pod veden\u00edm sv\u00e9 \u0161koln\u00ed knihovnice kreativn\u011b p\u0159edstavit svou \u0161koln\u00ed knihovnu. Dne 10. ledna 2020 do\u0161lo v s\u00e1le Knihovny m\u011bsta Ostravy k prezentaci jednotliv\u00fdch prac\u00ed a k slavnostn\u00edmu vyhl\u00e1\u0161en\u00ed v\u00fdsledk\u016f. Knihovnu Z\u0160 Vratimov, Masarykovo n\u00e1m\u011bst\u00ed, ostatn\u00edm sout\u011b\u017e\u00edc\u00edm i porot\u011b p\u0159edstavily \u017e\u00e1kyn\u011b 9. B \u2013 Denisa Kadurov\u00e1, Eva Pieronkiewiczov\u00e1, Tereza Sedl\u00e1\u010dkov\u00e1 a Antonie Zipserov\u00e1 pod veden\u00edm pan\u00ed u\u010ditelky Pavl\u00edny Ko\u017eu\u0161n\u00edkov\u00e9, kter\u00e1 je veden\u00edm \u0161koln\u00ed knihovny na t\u00e9to \u0161kole pov\u011b\u0159ena. Z jejich vystoupen\u00ed se p\u0159\u00edtomn\u00ed dozv\u011bd\u011bli, \u017ee na\u0161e \u0161koln\u00ed knihovna m\u00e1 k dispozici celkem 2 men\u0161\u00ed m\u00edstnosti, kter\u00e9 jsou vybaven\u00e9 modern\u00edm n\u00e1bytkem a po\u010d\u00edta\u010dem s knihovn\u00edm syst\u00e9mem Lanius. Zhruba 4 200 knih, \u010dasopis\u016f a CD si \u017e\u00e1ci i u\u010ditel\u00e9 mohou p\u016fj\u010dit v pond\u011bl\u00ed, ve st\u0159edu a v p\u00e1tek v dob\u011b velk\u00e9 p\u0159est\u00e1vky. Nejv\u00edce v\u0161ak d\u011bv\u010data porotu zaujala akcemi, kter\u00e9 \u0161koln\u00ed knihovna po\u0159\u00e1d\u00e1 na podporu \u010dten\u00e1\u0159sk\u00e9 gramotnosti \u017e\u00e1k\u016f. Mezi celo\u0161koln\u00ed projekty pat\u0159\u00ed Z\u00e1lo\u017eka do knih spojuje \u0161koly a P\u0159ehl\u00eddka sc\u00e9nick\u00e9ho \u010dten\u00ed. K nejpopul\u00e1rn\u011bj\u0161\u00edm aktivit\u00e1m pat\u0159\u00ed Noc s Andersenem, Food Day a fungov\u00e1n\u00ed \u010dten\u00e1\u0159sk\u00e9ho klubu. S vyu\u017eit\u00edm knihovn\u00edho fondu se \u017e\u00e1ci z\u00fa\u010dast\u0148uj\u00ed nejr\u016fzn\u011bj\u0161\u00edch liter\u00e1rn\u00edchi historick\u00fdch sout\u011b\u017e\u00ed, nap\u0159. Lidice 21, \u010certovsk\u00e9 poh\u00e1dky, Rosteme spolu, K\u0159\u00ed\u017eem kr\u00e1\u017eem Slezskou branou a jin\u00e9. Ve \u0161koln\u00ed knihovn\u011b si lze tak\u00e9 objednat knihy z katalog\u016f Klubu mlad\u00fdch \u010dten\u00e1\u0159\u016f jednotliv\u00fdch nakladatelstv\u00ed. Na mnoha projektech \u0161koln\u00ed knihovna spolupracuje s M\u011bststkou knihovnou ve Vratimov\u011b. Cel\u00e9 dopoledne m\u011blo pro na\u0161i \u0161kolu \u0161\u0165astn\u00fd konec, proto\u017ee byla vyhl\u00e1\u0161ena jako jedna ze dvou nejlep\u0161\u00edch \u0161koln\u00edch knihoven na Ostravsku a obsadila tak 1. m\u00edsto. Krom\u011b v\u011bcn\u00fd d\u00e1rk\u016f, knih a sladkost\u00ed knihovna obdr\u017eela i poukaz na zakoupen\u00ed nov\u00fdch knih. \u0160koln\u00ed knihovna \u0160koln\u00ed knihovna \u0160koln\u00ed knihovna \u0160koln\u00ed knihovna<\/p>\n","protected":false},"author":2,"featured_media":0,"parent":0,"menu_order":0,"comment_status":"closed","ping_status":"closed","template":"","meta":{"footnotes":""},"class_list":["post-6553","page","type-page","status-publish","hentry"],"rttpg_featured_image_url":null,"rttpg_author":{"display_name":"admin","author_link":"https:\/\/www.zsmasaryk.cz\/index.php\/author\/admin\/"},"rttpg_comment":0,"rttpg_category":null,"rttpg_excerpt":"Ji\u017e tradi\u010dn\u011b se v \u0159\u00edjnu, v M\u011bs\u00edci \u0161koln\u00edch knihoven, po\u0159\u00e1daj\u00ed nejr\u016fzn\u011bj\u0161\u00ed akce ve \u0161koln\u00edch knihovn\u00e1ch. V Z\u00e1klan\u00ed \u0161kole na Masarykov\u011b n\u00e1m\u011bst\u00ed byla v leto\u0161n\u00edm \u0159\u00edjnu nejen roz\u0161\u00ed\u0159ena p\u016fj\u010dovn\u00ed doba pro \u017e\u00e1ky na ka\u017ed\u00fd \u0161koln\u00ed den, ale prob\u011bhlo i tzv. Kn\u00ed\u017ekobran\u00ed. V r\u00e1mci t\u00e9to akce m\u011bly d\u011bti mo\u017enost v\u011bnovat \u0161koln\u00ed knihovn\u011b sv\u00e9 ji\u017e odlo\u017een\u00e9 knihy, kter\u00e9&hellip;","_links":{"self":[{"href":"https:\/\/www.zsmasaryk.cz\/index.php\/wp-json\/wp\/v2\/pages\/6553","targetHints":{"allow":["GET"]}}],"collection":[{"href":"https:\/\/www.zsmasaryk.cz\/index.php\/wp-json\/wp\/v2\/pages"}],"about":[{"href":"https:\/\/www.zsmasaryk.cz\/index.php\/wp-json\/wp\/v2\/types\/page"}],"author":[{"embeddable":true,"href":"https:\/\/www.zsmasaryk.cz\/index.php\/wp-json\/wp\/v2\/users\/2"}],"replies":[{"embeddable":true,"href":"https:\/\/www.zsmasaryk.cz\/index.php\/wp-json\/wp\/v2\/comments?post=6553"}],"version-history":[{"count":0,"href":"https:\/\/www.zsmasaryk.cz\/index.php\/wp-json\/wp\/v2\/pages\/6553\/revisions"}],"wp:attachment":[{"href":"https:\/\/www.zsmasaryk.cz\/index.php\/wp-json\/wp\/v2\/media?parent=6553"}],"curies":[{"name":"wp","href":"https:\/\/api.w.org\/{rel}","templated":true}]}}